{"id":1694,"date":"2023-05-30T09:11:51","date_gmt":"2023-05-30T09:11:51","guid":{"rendered":"https:\/\/enjust.net\/?page_id=1694"},"modified":"2025-02-18T11:01:47","modified_gmt":"2025-02-18T11:01:47","slug":"ej-in-the-global-north","status":"publish","type":"page","link":"https:\/\/enjust.net\/es\/ej-in-the-global-north\/","title":{"rendered":"Justicia ambiental en el Norte Global"},"content":{"rendered":"\n<p>La cuesti\u00f3n de la justicia medioambiental en el Norte Global es cada vez m\u00e1s urgente. Esto es especialmente cierto en el contexto de las pol\u00edticas destinadas a abordar el cambio clim\u00e1tico y la transformaci\u00f3n socioecol\u00f3gica.<\/p>\n\n\n\n<p>Para explorar estas cuestiones, los miembros interesados de la red formaron un subgrupo sobre <strong>\u00abJusticia medioambiental en el Norte Global\u00bb <\/strong>en la conferencia EnJust de Berna de 2022.<\/p>\n\n\n\n<p>A partir de los debates de Berna, celebramos nuestro primer taller en l\u00ednea, el 5 de mayo de 2023. El objetivo era comprender qui\u00e9n est\u00e1 trabajando en estos temas en la red EnJust y explorar aspectos de inter\u00e9s. En el transcurso de nuestros debates surgieron tres temas distintos:&nbsp;<\/p>\n\n\n\n<ul class=\"wp-block-list\">\n<li><strong>Infraestructuras energ\u00e9ticas<\/strong><\/li>\n\n\n\n<li><strong>Justicia espacial, desarrollo de las zonas costeras y rurales<\/strong><\/li>\n\n\n\n<li><strong>Justicia medioambiental y \u00e9tica + justicia y pol\u00edticas epist\u00e9micas<\/strong><\/li>\n<\/ul>\n\n\n\n<p>El grupo de infraestructuras energ\u00e9ticas, en particular, deseaba continuar sus debates en un futuro pr\u00f3ximo. Adem\u00e1s, se debatieron vivamente cuestiones sobre epistemolog\u00eda y diferencias conceptuales de la justicia ambiental en distintas partes del Norte Global, en las que claramente es necesario seguir profundizando. Para avanzar en estos debates, celebramos otro taller el 20 de junio de 2023. All\u00ed mantuvimos debates m\u00e1s espec\u00edficos sobre estos dos temas, seguidos de la cuesti\u00f3n de nuestros pr\u00f3ximos pasos y de c\u00f3mo traducir en acciones lo que hab\u00edamos debatido.<\/p>\n\n\n\n<p>Algunos miembros del subgrupo quieren trabajar concretamente en el tema del hidr\u00f3geno verde y las transiciones hacia las energ\u00edas renovables en diferentes pa\u00edses, incluyendo aspectos de justicia epist\u00e9mica y enmarcando la Justicia Medioambiental en diferentes contextos. El equipo organizador se reunir\u00e1 en septiembre y debatir\u00e1 los pr\u00f3ximos pasos pertinentes.<\/p>\n\n\n\n<p>Si desea informaci\u00f3n sobre los pr\u00f3ximos pasos o participar en el trabajo de este subgrupo, env\u00ede un correo electr\u00f3nico a: <a href=\"mailto:enjust@geographie.uni-kiel.de\">enjust(at)geographie.uni-kiel.de<\/a><\/p>\n","protected":false},"excerpt":{"rendered":"<p>La cuesti\u00f3n de la justicia medioambiental en el Norte Global es cada vez m\u00e1s urgente. Esto es especialmente cierto en el contexto de las pol\u00edticas destinadas a abordar el cambio clim\u00e1tico y la transformaci\u00f3n socioecol\u00f3gica. Para explorar estas cuestiones, los miembros interesados de la red formaron un subgrupo sobre \u00abJusticia medioambiental en el Norte Global\u00bb en la conferencia EnJust de Berna de 2022. A partir de los debates de Berna, celebramos nuestro primer taller en l\u00ednea, el 5 de mayo de 2023. El objetivo era comprender qui\u00e9n est\u00e1 trabajando en estos temas en la red EnJust y explorar aspectos de&#8230; <\/p>\n","protected":false},"author":5,"featured_media":0,"parent":0,"menu_order":0,"comment_status":"closed","ping_status":"closed","template":"","meta":{"footnotes":""},"class_list":["post-1694","page","type-page","status-publish","hentry"],"translation":{"provider":"WPGlobus","version":"3.0.2","language":"es","enabled_languages":["en","de","es"],"languages":{"en":{"title":true,"content":true,"excerpt":false},"de":{"title":true,"content":true,"excerpt":false},"es":{"title":true,"content":true,"excerpt":false}}},"yoast_head":"<!-- This site is optimized with the Yoast SEO plugin v27.4 - https:\/\/yoast.com\/product\/yoast-seo-wordpress\/ -->\n<title>Justicia ambiental en el Norte Global -<\/title>\n<meta name=\"robots\" content=\"index, follow, max-snippet:-1, max-image-preview:large, max-video-preview:-1\" \/>\n<link rel=\"canonical\" href=\"https:\/\/enjust.net\/ej-in-the-global-north\/\" \/>\n<meta property=\"og:locale\" content=\"es_ES\" \/>\n<meta property=\"og:type\" content=\"article\" \/>\n<meta property=\"og:title\" content=\"Justicia ambiental en el Norte Global -\" \/>\n<meta property=\"og:url\" content=\"https:\/\/enjust.net\/ej-in-the-global-north\/\" \/>\n<meta property=\"article:modified_time\" content=\"2025-02-18T11:01:47+00:00\" \/>\n<meta name=\"twitter:card\" content=\"summary_large_image\" \/>\n<meta name=\"twitter:label1\" content=\"Tiempo de lectura\" \/>\n\t<meta name=\"twitter:data1\" content=\"2 minutos\" \/>\n<script type=\"application\/ld+json\" class=\"yoast-schema-graph\">{\"@context\":\"https:\\\/\\\/schema.org\",\"@graph\":[{\"@type\":\"WebPage\",\"@id\":\"https:\\\/\\\/enjust.net\\\/ej-in-the-global-north\\\/\",\"url\":\"https:\\\/\\\/enjust.net\\\/ej-in-the-global-north\\\/\",\"name\":\"Justicia ambiental en el Norte Global -\",\"isPartOf\":{\"@id\":\"https:\\\/\\\/enjust.net\\\/de\\\/#website\"},\"datePublished\":\"2023-05-30T09:11:51+00:00\",\"dateModified\":\"2025-02-18T11:01:47+00:00\",\"breadcrumb\":{\"@id\":\"https:\\\/\\\/enjust.net\\\/ej-in-the-global-north\\\/#breadcrumb\"},\"inLanguage\":\"es\",\"potentialAction\":[{\"@type\":\"ReadAction\",\"target\":[\"https:\\\/\\\/enjust.net\\\/ej-in-the-global-north\\\/\"]}]},{\"@type\":\"BreadcrumbList\",\"@id\":\"https:\\\/\\\/enjust.net\\\/ej-in-the-global-north\\\/#breadcrumb\",\"itemListElement\":[{\"@type\":\"ListItem\",\"position\":1,\"name\":\"Startseite\",\"item\":\"https:\\\/\\\/enjust.net\\\/\"},{\"@type\":\"ListItem\",\"position\":2,\"name\":\"EJ im Globalen Norden\"}]},{\"@type\":\"WebSite\",\"@id\":\"https:\\\/\\\/enjust.net\\\/de\\\/#website\",\"url\":\"https:\\\/\\\/enjust.net\\\/de\\\/\",\"name\":\"\",\"description\":\"\",\"potentialAction\":[{\"@type\":\"SearchAction\",\"target\":{\"@type\":\"EntryPoint\",\"urlTemplate\":\"https:\\\/\\\/enjust.net\\\/de\\\/?s={search_term_string}\"},\"query-input\":{\"@type\":\"PropertyValueSpecification\",\"valueRequired\":true,\"valueName\":\"search_term_string\"}}],\"inLanguage\":\"es\"}]}<\/script>\n<!-- \/ Yoast SEO plugin. -->","yoast_head_json":{"title":"Justicia ambiental en el Norte Global -","robots":{"index":"index","follow":"follow","max-snippet":"max-snippet:-1","max-image-preview":"max-image-preview:large","max-video-preview":"max-video-preview:-1"},"canonical":"https:\/\/enjust.net\/ej-in-the-global-north\/","og_locale":"es_ES","og_type":"article","og_title":"Justicia ambiental en el Norte Global -","og_url":"https:\/\/enjust.net\/ej-in-the-global-north\/","article_modified_time":"2025-02-18T11:01:47+00:00","twitter_card":"summary_large_image","twitter_misc":{"Tiempo de lectura":"2 minutos"},"schema":{"@context":"https:\/\/schema.org","@graph":[{"@type":"WebPage","@id":"https:\/\/enjust.net\/ej-in-the-global-north\/","url":"https:\/\/enjust.net\/ej-in-the-global-north\/","name":"Justicia ambiental en el Norte Global -","isPartOf":{"@id":"https:\/\/enjust.net\/de\/#website"},"datePublished":"2023-05-30T09:11:51+00:00","dateModified":"2025-02-18T11:01:47+00:00","breadcrumb":{"@id":"https:\/\/enjust.net\/ej-in-the-global-north\/#breadcrumb"},"inLanguage":"es","potentialAction":[{"@type":"ReadAction","target":["https:\/\/enjust.net\/ej-in-the-global-north\/"]}]},{"@type":"BreadcrumbList","@id":"https:\/\/enjust.net\/ej-in-the-global-north\/#breadcrumb","itemListElement":[{"@type":"ListItem","position":1,"name":"Startseite","item":"https:\/\/enjust.net\/"},{"@type":"ListItem","position":2,"name":"EJ im Globalen Norden"}]},{"@type":"WebSite","@id":"https:\/\/enjust.net\/de\/#website","url":"https:\/\/enjust.net\/de\/","name":"","description":"","potentialAction":[{"@type":"SearchAction","target":{"@type":"EntryPoint","urlTemplate":"https:\/\/enjust.net\/de\/?s={search_term_string}"},"query-input":{"@type":"PropertyValueSpecification","valueRequired":true,"valueName":"search_term_string"}}],"inLanguage":"es"}]}},"_links":{"self":[{"href":"https:\/\/enjust.net\/es\/wp-json\/wp\/v2\/pages\/1694","targetHints":{"allow":["GET"]}}],"collection":[{"href":"https:\/\/enjust.net\/es\/wp-json\/wp\/v2\/pages"}],"about":[{"href":"https:\/\/enjust.net\/es\/wp-json\/wp\/v2\/types\/page"}],"author":[{"embeddable":true,"href":"https:\/\/enjust.net\/es\/wp-json\/wp\/v2\/users\/5"}],"replies":[{"embeddable":true,"href":"https:\/\/enjust.net\/es\/wp-json\/wp\/v2\/comments?post=1694"}],"version-history":[{"count":5,"href":"https:\/\/enjust.net\/es\/wp-json\/wp\/v2\/pages\/1694\/revisions"}],"predecessor-version":[{"id":3141,"href":"https:\/\/enjust.net\/es\/wp-json\/wp\/v2\/pages\/1694\/revisions\/3141"}],"wp:attachment":[{"href":"https:\/\/enjust.net\/es\/wp-json\/wp\/v2\/media?parent=1694"}],"curies":[{"name":"wp","href":"https:\/\/api.w.org\/{rel}","templated":true}]}}