{"id":226,"date":"2020-06-05T14:36:50","date_gmt":"2020-06-05T14:36:50","guid":{"rendered":"http:\/\/enjust.net\/?page_id=226"},"modified":"2025-10-01T14:00:10","modified_gmt":"2025-10-01T14:00:10","slug":"ressourcen","status":"publish","type":"page","link":"https:\/\/enjust.net\/es\/ressourcen\/","title":{"rendered":"Resources"},"content":{"rendered":"\n<pre class=\"wp-block-preformatted\">Here you find a collection of various contents related to environmental justice<\/pre>\n\n\n\n<div style=\"height:40px\" aria-hidden=\"true\" class=\"wp-block-spacer\"><\/div>\n\n\n\n<hr class=\"wp-block-separator has-css-opacity\"\/>\n\n\n\n<h2 class=\"wp-block-heading\">International workshop \u201cNarratives and Practices of Environmental Justice\u201d Kiel 06.-08. June 2019<\/h2>\n\n\n\n<figure class=\"wp-block-image size-large\"><img loading=\"lazy\" decoding=\"async\" width=\"1024\" height=\"683\" src=\"https:\/\/enjust.net\/wp-content\/uploads\/2020\/06\/MG_0297-2-1024x683-2.jpg\" alt=\"\" class=\"wp-image-237\" srcset=\"https:\/\/enjust.net\/wp-content\/uploads\/2020\/06\/MG_0297-2-1024x683-2.jpg 1024w, https:\/\/enjust.net\/wp-content\/uploads\/2020\/06\/MG_0297-2-1024x683-2-300x200.jpg 300w, https:\/\/enjust.net\/wp-content\/uploads\/2020\/06\/MG_0297-2-1024x683-2-768x512.jpg 768w\" sizes=\"auto, (max-width: 1024px) 100vw, 1024px\" \/><\/figure>\n\n\n\n<p>Mehr als 60 Wissenschaftler*innen aus 14 L\u00e4ndern trafen sich vom 6. bis zum 8. Juni an der Kieler Universit\u00e4t zum Workshop \u201eNarratives and Practices of Environmental Justice\u201c, um sich zu Themen und Fragen der Umweltgerechtigkeit miteinander auszutauschen. Ein kleiner und wohlhabender Teil der Weltbev\u00f6lkerung beansprucht einen immer gr\u00f6\u00dferen Anteil der Ressourcen auf der Erde und verschmutzt und zerst\u00f6rt gleichzeitig wertvolle Lebensr\u00e4ume an Land und in den Weltmeeren. Betroffen sind oft diejenigen Gruppen, die am wenigsten f\u00fcr die Entwicklungen verantwortlich sind. Wie l\u00e4sst sich ein gerechterer Umgang mit Umweltkrisen erreichen? Welche Dimensionen von Gerechtigkeit (z.B. Verteilung der Kosten und Nutzen, Anerkennung von Identit\u00e4ten, Beteiligung an politischen Entscheidungen) werden davon ber\u00fchrt und welche unterschiedlichen Gerechtigkeitskonzepte (Gleichheit, Bed\u00fcrfnisse, Verdienst etc.) stehen sich dabei gegen\u00fcber? Der Workshop brachte zum einen internationale Forscher*innen aus den Bereichen Geographie, Sozial-, Politik- und Rechtswissenschaften und Umweltethik zusammen. Dar\u00fcber hinaus sollte aber auch der Austausch zwischen Wissenschaft und Gesellschaft gef\u00f6rdert werden, um die Thematik intensiver in die \u00f6ffentliche Debatte zu bringen. Aus diesem Grund geh\u00f6rten auch K\u00fcnstler*innen und Aktivist*innen zu den Teilnehmenden. Nicht zuletzt diente der Workshop als Startschuss f\u00fcr das neue internationale Netzwerk zur Umweltgerechtigkeit (EnJust \u2013 Network for Environmental Justice), das am 8. Juni gegr\u00fcndet wurde und das zuk\u00fcnftig als Schnittstelle zwischen verschiedenen wissenschaftlichen Disziplinen, Politik und Zivilgesellschaft dienen soll. N\u00e4here Informationen \u00fcber das Netzwerk, das neue Mitglieder selbstverst\u00e4ndlich immer willkommen hei\u00dft, gibt es unter <a href=\"http:\/\/www.enjust.uni-kiel.de\"><strong>www.enjust.uni-kiel.de<\/strong><\/a><strong>, #enjust<\/strong> bzw. \u00fcber die Email <strong>enjust@geographie.uni-kiel.de<\/strong>.<\/p>\n\n\n<div class=\"wp-block-image\">\n<figure class=\"aligncenter size-large\"><img loading=\"lazy\" decoding=\"async\" width=\"554\" height=\"369\" src=\"https:\/\/enjust.net\/wp-content\/uploads\/2020\/06\/MG_9329-1.jpg\" alt=\"\" class=\"wp-image-238\" srcset=\"https:\/\/enjust.net\/wp-content\/uploads\/2020\/06\/MG_9329-1.jpg 554w, https:\/\/enjust.net\/wp-content\/uploads\/2020\/06\/MG_9329-1-300x200.jpg 300w\" sizes=\"auto, (max-width: 554px) 100vw, 554px\" \/><figcaption class=\"wp-element-caption\">Ausstellung \u201eKlimagerechtigkeit in Kiribati\u201c mit Fotographien von Barbara Dombrowski<\/figcaption><\/figure>\n<\/div>\n\n\n<p>Er\u00f6ffnet wurde der Workshop mit einer Keynote von Gordon Walker (Environment Centre, Lancaster University, UK), einem der f\u00fchrenden Geographen auf dem Feld der Umweltgerechtigkeit. Sein Vortrag mit dem Titel \u201eEnvironmental justice in space and time: opening up temporalities\u201c beleuchtete v.a. die Zeitlichkeit von Gerechtigkeitsfragen. W\u00e4hrend die verschiedenen r\u00e4umliche Komponenten von Umweltgerechtigkeit bereits eingehend betrachtet wurden (z.B. r\u00e4umliche Verteilung von Umweltkosten, Geographien der Verwundbarkeit bzw. der Verantwortung), blieben zeitliche Muster von Umweltkrisen bislang weitgehend unbeachtet. So lassen sich z.B. viele soziale Folgen von Umweltprobleme als eine Form von <em>slow violence<\/em> beschreiben, einer subtil und erst \u00fcber lange Zeitr\u00e4ume wirksamen Form von gesellschaftlicher Gewalt, die nur schwer zu erkennen und noch schwerer nachzuweisen ist. Daneben m\u00fcssen auch die Rhythmen des gesellschaftlichen Lebens st\u00e4rker beachtet werden, um zu analysieren, in welcher Weise z. B. bestimmte Bev\u00f6lkerungsgruppen allein durch ihre aktionsr\u00e4umlichen Routinen in besonderem Ma\u00dfe bestimmten negativen Umweltfaktoren ausgesetzt sind (z. B. Feinstaubbelastung bei Pendlern). Mit seinem Pl\u00e4doyer f\u00fcr eine st\u00e4rkere Zeit-Sensibilit\u00e4t er\u00f6ffnet Walker eine ganz neue Dimension bei der Analyse von Themen der Umweltgerechtigkeit.<\/p>\n\n\n\n<h4 class=\"wp-block-heading\">Keynote: Gordon Walker \u201cEnvironmental justice in space and time: opening up temporalities\u201d<\/h4>\n\n\n\n<figure class=\"wp-block-embed aligncenter is-type-video is-provider-youtube wp-block-embed-youtube wp-embed-aspect-16-9 wp-has-aspect-ratio\"><div class=\"wp-block-embed__wrapper\">\n<iframe loading=\"lazy\" title=\"Keynote Gordon Walker\" width=\"500\" height=\"281\" src=\"https:\/\/www.youtube.com\/embed\/8BioYfOtuJo?feature=oembed\" frameborder=\"0\" allow=\"accelerometer; autoplay; clipboard-write; encrypted-media; gyroscope; picture-in-picture; web-share\" referrerpolicy=\"strict-origin-when-cross-origin\" allowfullscreen><\/iframe>\n<\/div><\/figure>\n\n\n\n<p>Weitere Teilaspekte dieses weiten Feldes wurden dann in den folgenden zwei Tagen im Rahmen von sieben thematischen Panels bzw. 31 Vortr\u00e4gen angesprochen. Der Weiterentwicklung der theoretischen Basis von Umweltgerechtigkeit widmete sich die Sitzung \u201eConceptualizing Environmental Justice\u201c, bei der unterschiedliche Gerechtigkeitsprinzipien, wie Partizipation, Rawls\u2018 Ziel der Fairness, der <em>Capabilities<\/em>-Ansatz oder das Prinzip der Gleichheit, kritisch beleuchtet und hinsichtlich ihrer Eignung, als Grundlage von Gerechtigkeitsdiskursen zu dienen, beleuchtet wurden. Die Session zu \u201eSocial movements and counter narratives\u201c behandelte Beispiele von zivilgesellschaftliche Bewegungen aus verschiedenen L\u00e4ndern (u. a. Argentinien, Mexiko, Deutschland, Maghreb-Staaten), die in jeweils unterschiedlicher Weise Umweltgerechtigkeit einfordern und sich dabei verschiedener Diskurselemente und Narrative bedienen. Das Panel zu \u201eJustice dimensions of climate politics\u201c besch\u00e4ftigte sich mit den gerechtigkeitstheoretischen Implikationen von Strategien zum Umgang mit dem Klimawandel. Sei es REDD+, <em>Carbon Pricing<\/em>, <em>Natural Hazard Management<\/em> oder Klimaanpassungsstrategien: Alle diese Ans\u00e4tze haben weitreichende Folgen hinsichtlich der Verteilung von Kosten und Nutzen und anderer Gerechtigkeitsdimensionen. Die Sitzung zur \u201eMarine Justice\u201c beleuchtete Umweltgerechtigkeit im maritimen Kontext. Fragen des internationalen Rechts, des grenz\u00fcberschreitenden Managements nat\u00fcrlicher Ressourcen oder der Interessen von Fischern stehen dabei immer in Beziehung zur Problematik der Allmende bzw. der <em>Commons<\/em>, die die sozialwissenschaftliche Diskussion um Umweltprobleme bereits seit langer Zeit pr\u00e4gt. Die Gesundheitswissenschaften, die in der Session zu \u201ePublic health and environmental justice\u201c im Mittelpunkt standen, besch\u00e4ftigen sich bereits seit langem mit der Frage, inwieweit Umweltbelastungen ungleich bzw. ungerecht verteilt sind, und mit den verschiedenen M\u00f6glichkeiten, diese gesellschaftlichen Muster wissenschaftlich nachzuweisen und hinsichtlich ihrer Wirkungsweise zu analysieren. Im Panel zu \u201eJustice dimensions of environmental politics\u201c wurden verschiedene Beispiele von umwelt- und naturschutzpolitischen Ma\u00dfnahmen (Naturschutzgebiete, Zahlungen f\u00fcr \u00f6kologische Dienstleistungen, etc.)&nbsp; im Hinblick auf ihre Implikation f\u00fcr eine gerechte Gesellschaft beleuchtet. Auf der Sitzung zu \u201eEnvironmental conflict and transformation\u201c wurden Studien vorgestellt, die mithilfe sehr unterschiedlicher Methoden (Diskursanalyse, Q-Methode, partizipatives Theater etc.) zu einem besseren Verst\u00e4ndnis der sozialen und kulturellen Dynamik von Umweltkonflikten beitragen wollen.<\/p>\n\n\n\n<h4 class=\"wp-block-heading\">Results of the Worldcaf\u00e9-Session<\/h4>\n\n\n<div class=\"wp-block-image\">\n<figure class=\"aligncenter size-large\"><img loading=\"lazy\" decoding=\"async\" width=\"1024\" height=\"731\" src=\"https:\/\/enjust.net\/wp-content\/uploads\/2020\/06\/1.-What-does-EJ-mean-in-practice-2-1-1024x731-1.jpg\" alt=\"\" class=\"wp-image-231\" srcset=\"https:\/\/enjust.net\/wp-content\/uploads\/2020\/06\/1.-What-does-EJ-mean-in-practice-2-1-1024x731-1.jpg 1024w, https:\/\/enjust.net\/wp-content\/uploads\/2020\/06\/1.-What-does-EJ-mean-in-practice-2-1-1024x731-1-300x214.jpg 300w, https:\/\/enjust.net\/wp-content\/uploads\/2020\/06\/1.-What-does-EJ-mean-in-practice-2-1-1024x731-1-768x548.jpg 768w\" sizes=\"auto, (max-width: 1024px) 100vw, 1024px\" \/><figcaption class=\"wp-element-caption\">What does environmental justice mean in practice?<\/figcaption><\/figure>\n<\/div>\n\n<div class=\"wp-block-image\">\n<figure class=\"aligncenter size-large\"><img loading=\"lazy\" decoding=\"async\" width=\"1024\" height=\"789\" src=\"https:\/\/enjust.net\/wp-content\/uploads\/2020\/06\/2.-How-should-EJ-be-addressed-in-research-and-teaching_web-1-1024x789-1.jpg\" alt=\"\" class=\"wp-image-232\" srcset=\"https:\/\/enjust.net\/wp-content\/uploads\/2020\/06\/2.-How-should-EJ-be-addressed-in-research-and-teaching_web-1-1024x789-1.jpg 1024w, https:\/\/enjust.net\/wp-content\/uploads\/2020\/06\/2.-How-should-EJ-be-addressed-in-research-and-teaching_web-1-1024x789-1-300x231.jpg 300w, https:\/\/enjust.net\/wp-content\/uploads\/2020\/06\/2.-How-should-EJ-be-addressed-in-research-and-teaching_web-1-1024x789-1-768x592.jpg 768w\" sizes=\"auto, (max-width: 1024px) 100vw, 1024px\" \/><figcaption class=\"wp-element-caption\">How should environmental justice be addressed in research and teaching?<\/figcaption><\/figure>\n<\/div>\n\n<div class=\"wp-block-image\">\n<figure class=\"aligncenter size-large\"><img loading=\"lazy\" decoding=\"async\" width=\"1024\" height=\"763\" src=\"https:\/\/enjust.net\/wp-content\/uploads\/2020\/06\/3.-To-which-narratives-ideas-and-utopias-do-EJ-movements-refer_web-1024x763-1.jpg\" alt=\"\" class=\"wp-image-233\" srcset=\"https:\/\/enjust.net\/wp-content\/uploads\/2020\/06\/3.-To-which-narratives-ideas-and-utopias-do-EJ-movements-refer_web-1024x763-1.jpg 1024w, https:\/\/enjust.net\/wp-content\/uploads\/2020\/06\/3.-To-which-narratives-ideas-and-utopias-do-EJ-movements-refer_web-1024x763-1-300x224.jpg 300w, https:\/\/enjust.net\/wp-content\/uploads\/2020\/06\/3.-To-which-narratives-ideas-and-utopias-do-EJ-movements-refer_web-1024x763-1-768x572.jpg 768w\" sizes=\"auto, (max-width: 1024px) 100vw, 1024px\" \/><figcaption class=\"wp-element-caption\">To which narratives, ideas and utopias do environmental justice movements refer?<\/figcaption><\/figure>\n<\/div>\n\n<div class=\"wp-block-image\">\n<figure class=\"aligncenter size-large\"><img loading=\"lazy\" decoding=\"async\" width=\"1024\" height=\"743\" src=\"https:\/\/enjust.net\/wp-content\/uploads\/2020\/06\/4.-Exploring-EJ_web-1024x743-1.jpg\" alt=\"\" class=\"wp-image-234\" srcset=\"https:\/\/enjust.net\/wp-content\/uploads\/2020\/06\/4.-Exploring-EJ_web-1024x743-1.jpg 1024w, https:\/\/enjust.net\/wp-content\/uploads\/2020\/06\/4.-Exploring-EJ_web-1024x743-1-300x218.jpg 300w, https:\/\/enjust.net\/wp-content\/uploads\/2020\/06\/4.-Exploring-EJ_web-1024x743-1-768x557.jpg 768w\" sizes=\"auto, (max-width: 1024px) 100vw, 1024px\" \/><figcaption class=\"wp-element-caption\">Exploring environmental justice<\/figcaption><\/figure>\n<\/div>\n\n<div class=\"wp-block-image\">\n<figure class=\"aligncenter size-large\"><img loading=\"lazy\" decoding=\"async\" width=\"1024\" height=\"761\" src=\"https:\/\/enjust.net\/wp-content\/uploads\/2020\/06\/5.-EJ-questions-of-sovereignty-and-self-determination_web-1024x761-1.jpg\" alt=\"\" class=\"wp-image-235\" srcset=\"https:\/\/enjust.net\/wp-content\/uploads\/2020\/06\/5.-EJ-questions-of-sovereignty-and-self-determination_web-1024x761-1.jpg 1024w, https:\/\/enjust.net\/wp-content\/uploads\/2020\/06\/5.-EJ-questions-of-sovereignty-and-self-determination_web-1024x761-1-300x223.jpg 300w, https:\/\/enjust.net\/wp-content\/uploads\/2020\/06\/5.-EJ-questions-of-sovereignty-and-self-determination_web-1024x761-1-768x571.jpg 768w\" sizes=\"auto, (max-width: 1024px) 100vw, 1024px\" \/><figcaption class=\"wp-element-caption\">Environmental justice &amp; questions of sovereignty and self-determination<\/figcaption><\/figure>\n<\/div>\n\n\n<p>Aufgelockert wurde der Workshop durch Veranstaltungen, die auf einem aktiven Austausch von Ideen basierten. Neben einem World-Caf\u00e9, bei dem v.a. die gesellschaftliche Relevanz von Forschung zu Umweltgerechtigkeit diskutiert wurde, gab es eine hochkar\u00e4tig besetzte Podiumsdiskussion, auf der Vertreter*innen aus Planung, Wissenschaft, Zivilgesellschaft, Recht und Parteipolitik miteinander debattierten. Teilnehmer*innen waren: Roda Verheyen, eine Hamburger Rechtsanw\u00e4ltin, die momentan mehrere Klima-Klagen vor deutschen Gerichten verfolgt, Jean Carlo Rodriguez de Fransisco vom Deutschen Institut f\u00fcr Entwicklungspolitik, Daniel Morchain, der lange Zeit bei Oxfam gearbeitet hat und der nun beim International Institute for Sustainable Development t\u00e4tig ist, Gunnar Maus als Vertreter der Regionalplanung von Schleswig-Holstein und der Vorsitzende der Gr\u00fcnen in Schleswig-Holstein, Steffen Regis.<\/p>\n\n\n<div class=\"wp-block-image\">\n<figure class=\"aligncenter size-large\"><img loading=\"lazy\" decoding=\"async\" width=\"554\" height=\"369\" src=\"https:\/\/enjust.net\/wp-content\/uploads\/2020\/06\/MG_9423-1.jpg\" alt=\"\" class=\"wp-image-239\" srcset=\"https:\/\/enjust.net\/wp-content\/uploads\/2020\/06\/MG_9423-1.jpg 554w, https:\/\/enjust.net\/wp-content\/uploads\/2020\/06\/MG_9423-1-300x200.jpg 300w\" sizes=\"auto, (max-width: 554px) 100vw, 554px\" \/><figcaption class=\"wp-element-caption\">Podiumsdiskussion<\/figcaption><\/figure>\n<\/div>\n\n\n<p>Parallel zu den Veranstaltungen fand im Foyer des Wissenschaftszentrums Kiel eine Ausstellung mit Fotos von Barbara Dombrowski statt, die sich in ihrer Arbeit mit der gelebten Wirklichkeit des Klimawandels besch\u00e4ftigt (siehe n\u00e4chste Seite). Mit ihren gro\u00dfformatigen Portraits und Alltagsszenen aus Kiribati, dem Staat in Ozeanien, dessen Inseln unmittelbar vom Meeresspiegelanstieg bedroht sind, gibt sie dem ansonsten abstrakten Ph\u00e4nomen des Klimawandels ein menschliches Antlitz, ohne dabei die Menschen als Opfer zu zeigen. Dieses Nebeneinander von wissenschaftlichem Diskurs, gesellschaftlicher Debatte und k\u00fcnstlerischer Herausforderung gab dem Workshop seinen besonderen Charakter. Es besteht die konkrete Hoffnung, dass dieser Workshop den Beginn einer intensiven und nachhaltigen Zusammenarbeit von nationalen und internationalen Wissenschaftler*innen und Aktivist*innen markiert, die sich mit Themen der Umweltgerechtigkeit auseinandersetzen. Bereits im n\u00e4chsten Jahr soll der n\u00e4chste Workshop des EnJust-Netzwerkes stattfinden; Hartmut F\u00fcnfgeld von der Universit\u00e4t Freiburg hat in Aussicht gestellt ihn zu organisieren.<\/p>\n\n\n\n<p>Florian D\u00fcnckmann, Jonas Hein, Silja Klepp<\/p>\n\n\n\n<!--nextpage-->\n\n\n\n<h2 class=\"wp-block-heading\">Artistic Research: Photo installations by Hamburg photographer Barbara Dombrowski with texts by Kiel geographer Silja Klepp<\/h2>\n\n\n\n<p>In summer 2018 the photographer Barbara Dombrowski traveled to the South Pacific islands of Kiribati and Rarotonga. The journey was both the conclusion of her photographic cycle \u00abTropic Ice_Dialog between Places Affected by Climate Change\u00bb and the starting point for a cycle of spectacular installations designed to draw attention to climate change and its consequences for culture and native people on five continents. <\/p>\n\n\n\n<figure class=\"wp-block-gallery has-nested-images columns-default is-cropped wp-block-gallery-1 is-layout-flex wp-block-gallery-is-layout-flex\">\n<figure class=\"wp-block-image size-large\"><img loading=\"lazy\" decoding=\"async\" width=\"369\" height=\"554\" data-id=\"246\" src=\"https:\/\/enjust.net\/wp-content\/uploads\/2020\/06\/MG_0284-1-1.jpg\" alt=\"\" class=\"wp-image-246\" srcset=\"https:\/\/enjust.net\/wp-content\/uploads\/2020\/06\/MG_0284-1-1.jpg 369w, https:\/\/enjust.net\/wp-content\/uploads\/2020\/06\/MG_0284-1-1-200x300.jpg 200w\" sizes=\"auto, (max-width: 369px) 100vw, 369px\" \/><\/figure>\n\n\n\n<figure class=\"wp-block-image size-large\"><img loading=\"lazy\" decoding=\"async\" width=\"369\" height=\"554\" data-id=\"249\" src=\"https:\/\/enjust.net\/wp-content\/uploads\/2020\/06\/MG_9309.jpg\" alt=\"\" class=\"wp-image-249\" srcset=\"https:\/\/enjust.net\/wp-content\/uploads\/2020\/06\/MG_9309.jpg 369w, https:\/\/enjust.net\/wp-content\/uploads\/2020\/06\/MG_9309-200x300.jpg 200w\" sizes=\"auto, (max-width: 369px) 100vw, 369px\" \/><\/figure>\n\n\n\n<figure class=\"wp-block-image size-large\"><img loading=\"lazy\" decoding=\"async\" width=\"369\" height=\"554\" data-id=\"247\" src=\"https:\/\/enjust.net\/wp-content\/uploads\/2020\/06\/MG_0649.jpg\" alt=\"\" class=\"wp-image-247\" srcset=\"https:\/\/enjust.net\/wp-content\/uploads\/2020\/06\/MG_0649.jpg 369w, https:\/\/enjust.net\/wp-content\/uploads\/2020\/06\/MG_0649-200x300.jpg 200w\" sizes=\"auto, (max-width: 369px) 100vw, 369px\" \/><\/figure>\n<\/figure>\n\n\n\n<figure class=\"wp-block-image size-large\"><img loading=\"lazy\" decoding=\"async\" width=\"1024\" height=\"683\" src=\"https:\/\/enjust.net\/wp-content\/uploads\/2020\/06\/MG_9298-2-1024x683-1.jpg\" alt=\"\" class=\"wp-image-248\" srcset=\"https:\/\/enjust.net\/wp-content\/uploads\/2020\/06\/MG_9298-2-1024x683-1.jpg 1024w, https:\/\/enjust.net\/wp-content\/uploads\/2020\/06\/MG_9298-2-1024x683-1-300x200.jpg 300w, https:\/\/enjust.net\/wp-content\/uploads\/2020\/06\/MG_9298-2-1024x683-1-768x512.jpg 768w\" sizes=\"auto, (max-width: 1024px) 100vw, 1024px\" \/><\/figure>\n\n\n\n<p>The images of the Kiribati archipelago are closely linked to the research of Silja Klepp, a geographer from Kiel. The Professor of Social Dynamics in Coastal and Marine Regions at Kiel University has spent several long research stays there, where she focused on the social and cultural consequences of climate change and examines questions of climate migration and adaptation.<\/p>\n\n\n\n<p>The exhibition shows an excerpt from the documentation of Barbara Dombrowski&#8217;s journey and Silja Klepp&#8217;s personal contacts and places of research. The exhibition documents how the people on the South Pacific islands are affected by climate change, what adaptation measures they have taken and what strategies they are pursuing to avoid migration and to become refugees. In addition to the photo installations, Silja Klepp&#8217;s texts illustrate the challenges facing the population living with climate change, the consequences of which, such as rising sea levels, they have contributed least to.<\/p>\n\n\n\n<figure class=\"wp-block-gallery has-nested-images columns-default is-cropped wp-block-gallery-2 is-layout-flex wp-block-gallery-is-layout-flex\">\n<figure class=\"wp-block-image size-large\"><img loading=\"lazy\" decoding=\"async\" width=\"683\" height=\"1024\" data-id=\"250\" src=\"https:\/\/enjust.net\/wp-content\/uploads\/2020\/06\/MG_0295-1-683x1024-1.jpg\" alt=\"\" class=\"wp-image-250\" srcset=\"https:\/\/enjust.net\/wp-content\/uploads\/2020\/06\/MG_0295-1-683x1024-1.jpg 683w, https:\/\/enjust.net\/wp-content\/uploads\/2020\/06\/MG_0295-1-683x1024-1-200x300.jpg 200w\" sizes=\"auto, (max-width: 683px) 100vw, 683px\" \/><\/figure>\n\n\n\n<figure class=\"wp-block-image size-large\"><img loading=\"lazy\" decoding=\"async\" width=\"683\" height=\"1024\" data-id=\"252\" src=\"https:\/\/enjust.net\/wp-content\/uploads\/2020\/06\/MG_0484-1-683x1024-2.jpg\" alt=\"\" class=\"wp-image-252\" srcset=\"https:\/\/enjust.net\/wp-content\/uploads\/2020\/06\/MG_0484-1-683x1024-2.jpg 683w, https:\/\/enjust.net\/wp-content\/uploads\/2020\/06\/MG_0484-1-683x1024-2-200x300.jpg 200w\" sizes=\"auto, (max-width: 683px) 100vw, 683px\" \/><\/figure>\n<\/figure>\n\n\n\n<p>The exhibition \u00abClimate Justice in Kiribati\u00bb is part of the interdisciplinary workshop \u00abNarratives and practices of environmental justice\u00bb at Kiel University, which brings together about 60 international scientists to discuss fundamental questions of environmental justice from different scientific perspectives. The workshop is organized by Silja Klepp, Florian D\u00c3\u00bcnckmann and Jonas Hein from the Institute of Geography.<\/p>\n\n\n\n<p>At the same time, the event will be the starting signal for the new \u00abEnjust Network for Environmental Justice\u00bb at Kiel University, which will form an interface between science, politics and society in the future. Furthermore, researchers from the Institute of Geography, scientists from the Department of Philosophy, the Department of Environmental Ethics, the Department of Law, the Department of Sinology, and the Department of Political and Social Sciences will contribute to the project and form a broad interdisciplinary research environment for the topic area. The exhibition is intended to contribute to bringing different people into dialogue with each other in order to exchange views on questions of climate justice.<\/p>\n\n\n\n<h4 class=\"wp-block-heading\">Climate Justice in Kiribati, Oceania<\/h4>\n\n\n\n<p>The Republic of Kiribati is an island state in the central Pacific made up of 32 atolls, with a population of around 110,000. Inequalities on different levels in the context of global climate change are adversely affecting developing countries such as the Republic of Kiribati. Kiribati&#8217;s inhabitants bear little responsibility for anthropogenic climate change, as their per capita emissions are low; nevertheless, they are heavily impacted by actual and expected environmental changes. The potential for conflict present within climate justice debates is especially apparent in discourses on the connections between climate change and mobility. Countries like Kiribati are often perceived to be the first victims of climate change and have to anticipate the future uninhabitability of their territory. Such countries claim global and regional solidarity to assist them in their search for mitigation efforts, adaptation financing and adequate long-term solutions for potential climate migrants.<\/p>\n\n\n\n<figure class=\"wp-block-gallery has-nested-images columns-default is-cropped wp-block-gallery-3 is-layout-flex wp-block-gallery-is-layout-flex\">\n<figure class=\"wp-block-image size-large\"><img loading=\"lazy\" decoding=\"async\" width=\"1024\" height=\"683\" data-id=\"253\" src=\"https:\/\/enjust.net\/wp-content\/uploads\/2020\/06\/DSC1672-1-1024x683-1.jpg\" alt=\"\" class=\"wp-image-253\" srcset=\"https:\/\/enjust.net\/wp-content\/uploads\/2020\/06\/DSC1672-1-1024x683-1.jpg 1024w, https:\/\/enjust.net\/wp-content\/uploads\/2020\/06\/DSC1672-1-1024x683-1-300x200.jpg 300w, https:\/\/enjust.net\/wp-content\/uploads\/2020\/06\/DSC1672-1-1024x683-1-768x512.jpg 768w\" sizes=\"auto, (max-width: 1024px) 100vw, 1024px\" \/><\/figure>\n\n\n\n<figure class=\"wp-block-image size-large\"><img loading=\"lazy\" decoding=\"async\" width=\"1024\" height=\"683\" data-id=\"254\" src=\"https:\/\/enjust.net\/wp-content\/uploads\/2020\/06\/MG_0207-2-1024x683-1.jpg\" alt=\"\" class=\"wp-image-254\" srcset=\"https:\/\/enjust.net\/wp-content\/uploads\/2020\/06\/MG_0207-2-1024x683-1.jpg 1024w, https:\/\/enjust.net\/wp-content\/uploads\/2020\/06\/MG_0207-2-1024x683-1-300x200.jpg 300w, https:\/\/enjust.net\/wp-content\/uploads\/2020\/06\/MG_0207-2-1024x683-1-768x512.jpg 768w\" sizes=\"auto, (max-width: 1024px) 100vw, 1024px\" \/><\/figure>\n<\/figure>\n\n\n\n<p>Some environmental changes are already occurring, such as stronger and more frequent storm tides, coastal erosion, and the salinization of fresh water sources and agricultural land. Although the predicted sea-level rise has to take into account global, regional and local variables that make these predictions difficult, Pacific island states such as the Republic of Kiribati, Tuvalu, and the Marshall Islands are identified as being especially vulnerable. Some of these islands are less than one metre above sea level and have densely populated coastal areas. Sea level is expected to rise by 124 cm by the year 2100, and some researchers even predict a rise of 200 cm. Environmental changes could make the islands uninhabitable in the long run and threaten the sovereignty of some atoll states. The timing and predictions regarding the exact impacts remain uncertain.<\/p>\n\n\n\n<figure class=\"wp-block-gallery has-nested-images columns-default is-cropped wp-block-gallery-4 is-layout-flex wp-block-gallery-is-layout-flex\">\n<figure class=\"wp-block-image size-large\"><img loading=\"lazy\" decoding=\"async\" width=\"1024\" height=\"683\" data-id=\"255\" src=\"https:\/\/enjust.net\/wp-content\/uploads\/2020\/06\/DSC1944-1024x683-1.jpg\" alt=\"\" class=\"wp-image-255\" srcset=\"https:\/\/enjust.net\/wp-content\/uploads\/2020\/06\/DSC1944-1024x683-1.jpg 1024w, https:\/\/enjust.net\/wp-content\/uploads\/2020\/06\/DSC1944-1024x683-1-300x200.jpg 300w, https:\/\/enjust.net\/wp-content\/uploads\/2020\/06\/DSC1944-1024x683-1-768x512.jpg 768w\" sizes=\"auto, (max-width: 1024px) 100vw, 1024px\" \/><\/figure>\n\n\n\n<figure class=\"wp-block-image size-large\"><img loading=\"lazy\" decoding=\"async\" width=\"1024\" height=\"683\" data-id=\"256\" src=\"https:\/\/enjust.net\/wp-content\/uploads\/2020\/06\/DSC1750-1-1024x683-1.jpg\" alt=\"\" class=\"wp-image-256\" srcset=\"https:\/\/enjust.net\/wp-content\/uploads\/2020\/06\/DSC1750-1-1024x683-1.jpg 1024w, https:\/\/enjust.net\/wp-content\/uploads\/2020\/06\/DSC1750-1-1024x683-1-300x200.jpg 300w, https:\/\/enjust.net\/wp-content\/uploads\/2020\/06\/DSC1750-1-1024x683-1-768x512.jpg 768w\" sizes=\"auto, (max-width: 1024px) 100vw, 1024px\" \/><\/figure>\n<\/figure>\n\n\n\n<p>Along with profound socio-economic problems and few opportunities for financing adaptation measures, Kiribati suffers from additional structural inequalities on various levels. These include for example, the impacts of colonization, including unsustainable phosphor exploitation, which displaced people in the 1940s as well as limited access to resources and social services. The participation and arrangement opportunities in international as well as regional political negotiations are also restricted.<\/p>\n\n\n\n<p>On the global and regional level, the government of Kiribati is part of the large transnational movement for climate justice, which focuses on human rights and the cultural and environmental rights of indigenous peoples and minorities. The activities of this movement are often initiated by NGOs. For example, the network Climate Justice Now! was created in the frame of the UNFCCC negotiations in 2007 in Bali by more than 30 NGOs and grassroots organizations. The Peoples Agreement, created at the Peoples congress 2010 in Bolivia, demands far reaching rights of self-determination such as access to water, land rights and food production \u00e2\u20ac\u0153through forms of production that are in harmony with Mother Earth and appropriate to local cultural ontexts\u00e2\u20ac\u009d.<\/p>\n\n\n\n<figure class=\"wp-block-gallery has-nested-images columns-default is-cropped wp-block-gallery-5 is-layout-flex wp-block-gallery-is-layout-flex\">\n<figure class=\"wp-block-image size-large\"><img loading=\"lazy\" decoding=\"async\" width=\"1024\" height=\"683\" data-id=\"257\" src=\"https:\/\/enjust.net\/wp-content\/uploads\/2020\/06\/MG_9545-1024x683-1.jpg\" alt=\"\" class=\"wp-image-257\" srcset=\"https:\/\/enjust.net\/wp-content\/uploads\/2020\/06\/MG_9545-1024x683-1.jpg 1024w, https:\/\/enjust.net\/wp-content\/uploads\/2020\/06\/MG_9545-1024x683-1-300x200.jpg 300w, https:\/\/enjust.net\/wp-content\/uploads\/2020\/06\/MG_9545-1024x683-1-768x512.jpg 768w\" sizes=\"auto, (max-width: 1024px) 100vw, 1024px\" \/><\/figure>\n\n\n\n<figure class=\"wp-block-image size-large\"><img loading=\"lazy\" decoding=\"async\" width=\"1024\" height=\"683\" data-id=\"258\" src=\"https:\/\/enjust.net\/wp-content\/uploads\/2020\/06\/MG_0678-1024x683-1.jpg\" alt=\"\" class=\"wp-image-258\" srcset=\"https:\/\/enjust.net\/wp-content\/uploads\/2020\/06\/MG_0678-1024x683-1.jpg 1024w, https:\/\/enjust.net\/wp-content\/uploads\/2020\/06\/MG_0678-1024x683-1-300x200.jpg 300w, https:\/\/enjust.net\/wp-content\/uploads\/2020\/06\/MG_0678-1024x683-1-768x512.jpg 768w\" sizes=\"auto, (max-width: 1024px) 100vw, 1024px\" \/><\/figure>\n<\/figure>\n\n\n\n<p>Inspired by similar thoughts and taking the post-colonial setting of Oceania into account, a growing number of voices in the Pacific area, in the context of the debates around climate justice, are calling for a new, transnational solidarity and unity to reduce the effects of climate change.<\/p>\n\n\n\n<figure class=\"wp-block-gallery has-nested-images columns-default is-cropped wp-block-gallery-6 is-layout-flex wp-block-gallery-is-layout-flex\">\n<figure class=\"wp-block-image size-large\"><img loading=\"lazy\" decoding=\"async\" width=\"1024\" height=\"683\" data-id=\"260\" src=\"https:\/\/enjust.net\/wp-content\/uploads\/2020\/06\/MG_9402-1024x683-1.jpg\" alt=\"\" class=\"wp-image-260\" srcset=\"https:\/\/enjust.net\/wp-content\/uploads\/2020\/06\/MG_9402-1024x683-1.jpg 1024w, https:\/\/enjust.net\/wp-content\/uploads\/2020\/06\/MG_9402-1024x683-1-300x200.jpg 300w, https:\/\/enjust.net\/wp-content\/uploads\/2020\/06\/MG_9402-1024x683-1-768x512.jpg 768w\" sizes=\"auto, (max-width: 1024px) 100vw, 1024px\" \/><\/figure>\n\n\n\n<figure class=\"wp-block-image size-large\"><img loading=\"lazy\" decoding=\"async\" width=\"1024\" height=\"683\" data-id=\"261\" src=\"https:\/\/enjust.net\/wp-content\/uploads\/2020\/06\/MG_9391-1-1024x683-1.jpg\" alt=\"\" class=\"wp-image-261\" srcset=\"https:\/\/enjust.net\/wp-content\/uploads\/2020\/06\/MG_9391-1-1024x683-1.jpg 1024w, https:\/\/enjust.net\/wp-content\/uploads\/2020\/06\/MG_9391-1-1024x683-1-300x200.jpg 300w, https:\/\/enjust.net\/wp-content\/uploads\/2020\/06\/MG_9391-1-1024x683-1-768x512.jpg 768w\" sizes=\"auto, (max-width: 1024px) 100vw, 1024px\" \/><\/figure>\n<\/figure>\n\n\n\n<p>The dynamic discussions on climate justice show that the negotiation process in Kiribati and Oceania concerns itself with concrete, local, social and connective questions around climate justice. It includes decidedly migration-friendly perspectives and some actors are promoting a postcolonial questioning of national borders. In particular, climate justice must be linked to important post-colonial arguments concerning the political nature of the crisis faced by islands such as Kiribati. This applies to the debates and research around climate change and migration as well as to discussions and studies of adaptation to anthropogenic climate change. It must underline the call for mitigation efforts of industrialized countries and their support in financing climate change adaptation.<\/p>\n\n\n\n<p>Based on texts written by Silja Klepp (Kiel University).<\/p>\n\n\n\n<h4 class=\"wp-block-heading\">Mangrove planting as coastal protection and adaptation to climate change \u00e2\u20ac\u201c a community activity in Ambo, Kiribati<\/h4>\n\n\n\n<figure class=\"wp-block-gallery has-nested-images columns-default is-cropped wp-block-gallery-7 is-layout-flex wp-block-gallery-is-layout-flex\">\n<figure class=\"wp-block-image size-large\"><img loading=\"lazy\" decoding=\"async\" width=\"1024\" height=\"683\" data-id=\"262\" src=\"https:\/\/enjust.net\/wp-content\/uploads\/2020\/06\/MG_9783-1024x683-1.jpg\" alt=\"\" class=\"wp-image-262\" srcset=\"https:\/\/enjust.net\/wp-content\/uploads\/2020\/06\/MG_9783-1024x683-1.jpg 1024w, https:\/\/enjust.net\/wp-content\/uploads\/2020\/06\/MG_9783-1024x683-1-300x200.jpg 300w, https:\/\/enjust.net\/wp-content\/uploads\/2020\/06\/MG_9783-1024x683-1-768x512.jpg 768w\" sizes=\"auto, (max-width: 1024px) 100vw, 1024px\" \/><\/figure>\n\n\n\n<figure class=\"wp-block-image size-large\"><img loading=\"lazy\" decoding=\"async\" width=\"554\" height=\"369\" data-id=\"263\" src=\"https:\/\/enjust.net\/wp-content\/uploads\/2020\/06\/MG_9442.jpg\" alt=\"\" class=\"wp-image-263\" srcset=\"https:\/\/enjust.net\/wp-content\/uploads\/2020\/06\/MG_9442.jpg 554w, https:\/\/enjust.net\/wp-content\/uploads\/2020\/06\/MG_9442-300x200.jpg 300w\" sizes=\"auto, (max-width: 554px) 100vw, 554px\" \/><\/figure>\n<\/figure>\n\n\n\n<p>The women that plant mangroves in the Lagoon of South Tarawa, in the village of Ambo, are part of the Kiribati Climate Action Network (KiriCan). They are volunteers. After a long season of planting the saplings in the lagoon, of which only a part will root, the women are having a community party in the Maneba (community house) of Ambo.<\/p>\n\n\n\n<p>Mangrove planting is an anticipatory adaptation action and a so-called soft coastal protection measure. It is undertaken to buffer coastal environments to reduce the vulnerability of coastal communities from the effects of climate change, including more severe storms and sea-level rise. Compared to hard protection measures, like sea walls, it is often more sustainable and provides employment to the communities. Today mangrovs are threatened by anthropogenic climate change and other human activities. Current and future changes in sea-level, storminess, rain, temperature, atmospheric CO2 concentration, ocean circulation patterns can all mean danger to mangroves. To date, climate change has likely been a smaller threat to mangroves compared to clearing for aquaculture, coastal development and pollution of coastal waters. Based on available evidence, of all the climate change outcomes, sea-level rise may be the greatest threat in the future.<\/p>\n\n\n\n<figure class=\"wp-block-gallery has-nested-images columns-default is-cropped wp-block-gallery-8 is-layout-flex wp-block-gallery-is-layout-flex\">\n<figure class=\"wp-block-image size-large\"><img loading=\"lazy\" decoding=\"async\" width=\"554\" height=\"369\" data-id=\"265\" src=\"https:\/\/enjust.net\/wp-content\/uploads\/2020\/06\/MG_9751.jpg\" alt=\"\" class=\"wp-image-265\" srcset=\"https:\/\/enjust.net\/wp-content\/uploads\/2020\/06\/MG_9751.jpg 554w, https:\/\/enjust.net\/wp-content\/uploads\/2020\/06\/MG_9751-300x200.jpg 300w\" sizes=\"auto, (max-width: 554px) 100vw, 554px\" \/><\/figure>\n\n\n\n<figure class=\"wp-block-image size-large\"><img loading=\"lazy\" decoding=\"async\" width=\"1024\" height=\"683\" data-id=\"264\" src=\"https:\/\/enjust.net\/wp-content\/uploads\/2020\/06\/MG_9674-1-1024x683-1.jpg\" alt=\"\" class=\"wp-image-264\" srcset=\"https:\/\/enjust.net\/wp-content\/uploads\/2020\/06\/MG_9674-1-1024x683-1.jpg 1024w, https:\/\/enjust.net\/wp-content\/uploads\/2020\/06\/MG_9674-1-1024x683-1-300x200.jpg 300w, https:\/\/enjust.net\/wp-content\/uploads\/2020\/06\/MG_9674-1-1024x683-1-768x512.jpg 768w\" sizes=\"auto, (max-width: 1024px) 100vw, 1024px\" \/><\/figure>\n<\/figure>\n\n\n\n<p>Healthy mangrove forests not only mean coastal protection, but a great benefit also comes from the resources provided by mangrove forests. Mangroves perform valuable regional and site-specific functions. Mangrove loss will reduce coastal water quality, reduce biodiversity, eliminate fish and crustacean nursery habitat, adversely affect adjacent coastal habitat, and eliminate a major resource for human communities that rely on mangroves for numerous products and services. Reduced mangrove coverage and health will increase the threat to human safety and shoreline development from coastal hazards such as erosion, flooding, storm waves and surges, and tsunami, as some scientists have observed following the 2004 Indian Ocean tsunami.<\/p>\n\n\n\n<figure class=\"wp-block-gallery has-nested-images columns-default is-cropped wp-block-gallery-9 is-layout-flex wp-block-gallery-is-layout-flex\">\n<figure class=\"wp-block-image size-large\"><img loading=\"lazy\" decoding=\"async\" width=\"683\" height=\"1024\" data-id=\"266\" src=\"https:\/\/enjust.net\/wp-content\/uploads\/2020\/06\/MG_9670-1-683x1024-1.jpg\" alt=\"\" class=\"wp-image-266\" srcset=\"https:\/\/enjust.net\/wp-content\/uploads\/2020\/06\/MG_9670-1-683x1024-1.jpg 683w, https:\/\/enjust.net\/wp-content\/uploads\/2020\/06\/MG_9670-1-683x1024-1-200x300.jpg 200w\" sizes=\"auto, (max-width: 683px) 100vw, 683px\" \/><\/figure>\n\n\n\n<figure class=\"wp-block-image size-large\"><img loading=\"lazy\" decoding=\"async\" width=\"683\" height=\"1024\" data-id=\"267\" src=\"https:\/\/enjust.net\/wp-content\/uploads\/2020\/06\/MG_9690-1-683x1024-1.jpg\" alt=\"\" class=\"wp-image-267\" srcset=\"https:\/\/enjust.net\/wp-content\/uploads\/2020\/06\/MG_9690-1-683x1024-1.jpg 683w, https:\/\/enjust.net\/wp-content\/uploads\/2020\/06\/MG_9690-1-683x1024-1-200x300.jpg 200w\" sizes=\"auto, (max-width: 683px) 100vw, 683px\" \/><\/figure>\n<\/figure>\n\n\n\n<p>Mangrove ecosystems were able to persist through the quaternary despite substantial disruptions from large sea-level fluctuations, demonstrating that mangroves are highly resilient to change over historic time scales. However, over the coming decades, mangrove vulnerability and responses to climate change will be highly influenced by anthropogenic disturbances. Mangrove cover on Pacific Islands have been reduced substantially in recent years. Adaptation measures like mangrove planting can offset anticipated mangrove losses and improve resistance and resilience to climate change. Coastal planning can adapt to facilitate mangrove migration with sea-level rise. With the replanting of mangroves and trees, it is hoped that South Tarawa, the capital and urban aggregation of Kiribati, will be protected from sea level rise, and king tides, as well as acting as future sources of fuelwood and building construction materials and fish breeding grounds.<\/p>\n\n\n\n<figure class=\"wp-block-gallery has-nested-images columns-default is-cropped wp-block-gallery-10 is-layout-flex wp-block-gallery-is-layout-flex\">\n<figure class=\"wp-block-image size-large\"><img loading=\"lazy\" decoding=\"async\" width=\"1024\" height=\"683\" data-id=\"270\" src=\"https:\/\/enjust.net\/wp-content\/uploads\/2020\/06\/MG_9435-1024x683-1.jpg\" alt=\"\" class=\"wp-image-270\" srcset=\"https:\/\/enjust.net\/wp-content\/uploads\/2020\/06\/MG_9435-1024x683-1.jpg 1024w, https:\/\/enjust.net\/wp-content\/uploads\/2020\/06\/MG_9435-1024x683-1-300x200.jpg 300w, https:\/\/enjust.net\/wp-content\/uploads\/2020\/06\/MG_9435-1024x683-1-768x512.jpg 768w\" sizes=\"auto, (max-width: 1024px) 100vw, 1024px\" \/><\/figure>\n\n\n\n<figure class=\"wp-block-image size-large\"><img loading=\"lazy\" decoding=\"async\" width=\"554\" height=\"369\" data-id=\"268\" src=\"https:\/\/enjust.net\/wp-content\/uploads\/2020\/06\/MG_9442-1.jpg\" alt=\"\" class=\"wp-image-268\" srcset=\"https:\/\/enjust.net\/wp-content\/uploads\/2020\/06\/MG_9442-1.jpg 554w, https:\/\/enjust.net\/wp-content\/uploads\/2020\/06\/MG_9442-1-300x200.jpg 300w\" sizes=\"auto, (max-width: 554px) 100vw, 554px\" \/><\/figure>\n<\/figure>\n\n\n\n<p>Based on texts written by Eric L. Gilman (IUCN, Global Marine Programme, Honolulu, USA) and Alia Levine and Bonnie Flaws (Dev-Zone, Wellington, New Zealand).<\/p>\n\n\n\n<h4 class=\"wp-block-heading\">Climate change adaptation gone wrong: The case of sea walls in Kiribati<\/h4>\n\n\n\n<p>Islands are recognized as uniquely exposed to climate change, now and in the future. Anthropogenic climate change challenges for island inhabitants include issues of water security, salinization of groundwater, stronger tropical-cyclone impacts and shoreline erosion and coastal flooding due to sea-level rise. Kiribati consists of 32 coral atolls and reef islands, as well as the raised limestone island Banaba. Current studies suggest that two thirds of the land are less than 2 m above mean sea level and maximum elevations are roughly 3 m. Adding to the risks for island communities created by anthropogenic climate change are a multitude of socio-economic vulnerabilities in Small Island Development States, such as Kiribati. These vulnerabilities are linked to the (post)-colonial structures and dependencies that persist, in various forms, until today. Among other factors, colonialism and globalization processes brought a change in lifestyles and a loss of local ecological knowledge and adaptation possibilities Island Style\u009d.<\/p>\n\n\n\n<figure class=\"wp-block-gallery has-nested-images columns-default is-cropped wp-block-gallery-11 is-layout-flex wp-block-gallery-is-layout-flex\">\n<figure class=\"wp-block-image size-large\"><img loading=\"lazy\" decoding=\"async\" width=\"1024\" height=\"683\" data-id=\"271\" src=\"https:\/\/enjust.net\/wp-content\/uploads\/2020\/06\/DSC1647-1024x683-1.jpg\" alt=\"\" class=\"wp-image-271\" srcset=\"https:\/\/enjust.net\/wp-content\/uploads\/2020\/06\/DSC1647-1024x683-1.jpg 1024w, https:\/\/enjust.net\/wp-content\/uploads\/2020\/06\/DSC1647-1024x683-1-300x200.jpg 300w, https:\/\/enjust.net\/wp-content\/uploads\/2020\/06\/DSC1647-1024x683-1-768x512.jpg 768w\" sizes=\"auto, (max-width: 1024px) 100vw, 1024px\" \/><\/figure>\n\n\n\n<figure class=\"wp-block-image size-large\"><img loading=\"lazy\" decoding=\"async\" width=\"1024\" height=\"683\" data-id=\"272\" src=\"https:\/\/enjust.net\/wp-content\/uploads\/2020\/06\/DSC1727-1024x683-1.jpg\" alt=\"\" class=\"wp-image-272\" srcset=\"https:\/\/enjust.net\/wp-content\/uploads\/2020\/06\/DSC1727-1024x683-1.jpg 1024w, https:\/\/enjust.net\/wp-content\/uploads\/2020\/06\/DSC1727-1024x683-1-300x200.jpg 300w, https:\/\/enjust.net\/wp-content\/uploads\/2020\/06\/DSC1727-1024x683-1-768x512.jpg 768w\" sizes=\"auto, (max-width: 1024px) 100vw, 1024px\" \/><\/figure>\n<\/figure>\n\n\n\n<p>Coastal protection measures can be well suited to immediately protect coastal assets from inundation and protect from land loss during high water events. They can be divided into three categories: hard protection measures, soft measures, and retreat or migration. Hard measures include land reclamation and physical barriers like sea walls. Sea walls in Kiribati are normally built from coral rock, sand bags and concrete blocks. They represent most of the engineered coastal structures in South Tarawa, the capital of Kiribati. Most solutions for climate-change adaptation in Kiribati have been short-term, reflecting a dependence on project based and limited assistance from donor countries and a preference by consultants, engineers and many I-Kiribati for visible, technical solutions\u009d. In Kiribati, there is rarely sufficient data to adequately inform the design and positioning of protective structures.<\/p>\n\n\n\n<figure class=\"wp-block-gallery has-nested-images columns-default is-cropped wp-block-gallery-12 is-layout-flex wp-block-gallery-is-layout-flex\">\n<figure class=\"wp-block-image size-large\"><img loading=\"lazy\" decoding=\"async\" width=\"1024\" height=\"683\" data-id=\"274\" src=\"https:\/\/enjust.net\/wp-content\/uploads\/2020\/06\/MG_9474-1-1024x683-1.jpg\" alt=\"\" class=\"wp-image-274\" srcset=\"https:\/\/enjust.net\/wp-content\/uploads\/2020\/06\/MG_9474-1-1024x683-1.jpg 1024w, https:\/\/enjust.net\/wp-content\/uploads\/2020\/06\/MG_9474-1-1024x683-1-300x200.jpg 300w, https:\/\/enjust.net\/wp-content\/uploads\/2020\/06\/MG_9474-1-1024x683-1-768x512.jpg 768w\" sizes=\"auto, (max-width: 1024px) 100vw, 1024px\" \/><\/figure>\n\n\n\n<figure class=\"wp-block-image size-large\"><img loading=\"lazy\" decoding=\"async\" width=\"1024\" height=\"683\" data-id=\"273\" src=\"https:\/\/enjust.net\/wp-content\/uploads\/2020\/06\/MG_9461-1-1024x683-1.jpg\" alt=\"\" class=\"wp-image-273\" srcset=\"https:\/\/enjust.net\/wp-content\/uploads\/2020\/06\/MG_9461-1-1024x683-1.jpg 1024w, https:\/\/enjust.net\/wp-content\/uploads\/2020\/06\/MG_9461-1-1024x683-1-300x200.jpg 300w, https:\/\/enjust.net\/wp-content\/uploads\/2020\/06\/MG_9461-1-1024x683-1-768x512.jpg 768w\" sizes=\"auto, (max-width: 1024px) 100vw, 1024px\" \/><\/figure>\n<\/figure>\n\n\n\n<figure class=\"wp-block-gallery has-nested-images columns-default is-cropped wp-block-gallery-13 is-layout-flex wp-block-gallery-is-layout-flex\">\n<figure class=\"wp-block-image size-large\"><img loading=\"lazy\" decoding=\"async\" width=\"1024\" height=\"683\" data-id=\"276\" src=\"https:\/\/enjust.net\/wp-content\/uploads\/2020\/06\/MG_9140-1-1024x683-2.jpg\" alt=\"\" class=\"wp-image-276\" srcset=\"https:\/\/enjust.net\/wp-content\/uploads\/2020\/06\/MG_9140-1-1024x683-2.jpg 1024w, https:\/\/enjust.net\/wp-content\/uploads\/2020\/06\/MG_9140-1-1024x683-2-300x200.jpg 300w, https:\/\/enjust.net\/wp-content\/uploads\/2020\/06\/MG_9140-1-1024x683-2-768x512.jpg 768w\" sizes=\"auto, (max-width: 1024px) 100vw, 1024px\" \/><\/figure>\n\n\n\n<figure class=\"wp-block-image size-large\"><img loading=\"lazy\" decoding=\"async\" width=\"1024\" height=\"683\" data-id=\"277\" src=\"https:\/\/enjust.net\/wp-content\/uploads\/2020\/06\/MG_9137-1-1024x683-1.jpg\" alt=\"\" class=\"wp-image-277\" srcset=\"https:\/\/enjust.net\/wp-content\/uploads\/2020\/06\/MG_9137-1-1024x683-1.jpg 1024w, https:\/\/enjust.net\/wp-content\/uploads\/2020\/06\/MG_9137-1-1024x683-1-300x200.jpg 300w, https:\/\/enjust.net\/wp-content\/uploads\/2020\/06\/MG_9137-1-1024x683-1-768x512.jpg 768w\" sizes=\"auto, (max-width: 1024px) 100vw, 1024px\" \/><\/figure>\n<\/figure>\n\n\n\n<p>Sea walls that are built in a wrong way, with cheap material and potentially in the wrong location can have disastrous consequences, invariably marked by the degradation of structures like sea walls and irreversible negative impacts. These impacts range from beach narrowing and beach loss to nearshore ecosystem degradation and biodiversity loss, which might also threaten food security for coastal inhabitants. Expensive, hard measures require regular maintenance; which is rarely provided by international cooperation that pays for the structures. There are so many broken, aid-funded sea walls, roads, and water systems in South Tarawa that a report labeled the atoll a \u00abgraveyard of shortlived infrastructure investments\u00bb\u009d.<\/p>\n\n\n\n<figure class=\"wp-block-image size-large\"><img loading=\"lazy\" decoding=\"async\" width=\"1024\" height=\"683\" src=\"https:\/\/enjust.net\/wp-content\/uploads\/2020\/06\/DSC1037-1024x683-1.jpg\" alt=\"\" class=\"wp-image-278\" srcset=\"https:\/\/enjust.net\/wp-content\/uploads\/2020\/06\/DSC1037-1024x683-1.jpg 1024w, https:\/\/enjust.net\/wp-content\/uploads\/2020\/06\/DSC1037-1024x683-1-300x200.jpg 300w, https:\/\/enjust.net\/wp-content\/uploads\/2020\/06\/DSC1037-1024x683-1-768x512.jpg 768w\" sizes=\"auto, (max-width: 1024px) 100vw, 1024px\" \/><\/figure>\n\n\n\n<figure class=\"wp-block-image size-large\"><img loading=\"lazy\" decoding=\"async\" width=\"1024\" height=\"683\" src=\"https:\/\/enjust.net\/wp-content\/uploads\/2020\/06\/MG_9410-1-1024x683-1.jpg\" alt=\"\" class=\"wp-image-279\" srcset=\"https:\/\/enjust.net\/wp-content\/uploads\/2020\/06\/MG_9410-1-1024x683-1.jpg 1024w, https:\/\/enjust.net\/wp-content\/uploads\/2020\/06\/MG_9410-1-1024x683-1-300x200.jpg 300w, https:\/\/enjust.net\/wp-content\/uploads\/2020\/06\/MG_9410-1-1024x683-1-768x512.jpg 768w\" sizes=\"auto, (max-width: 1024px) 100vw, 1024px\" \/><\/figure>\n\n\n\n<p>Research shows that traditional knowledge and coping capacity on islands is likely to help people better adapt to future climate change. In addition to localized knowledge, it is important for those on islands involved in environmental governance to be aware of their unique attributes and specific local and regional environmental contexts. And, maybe most important, is to replace the commonly one-way direction of adaptation measures with genuine interaction in which both external agents and target communities have at least equal say in the design and implementation of adaptation pathways.<\/p>\n\n\n\n<p>Based on texts written by Simon Donner (Fraser University, Vancouver, Canada) and Patrick Nunn (University of the Sunshine Coast, Australia).<\/p>\n\n\n\n<p>For further information visit<br><a rel=\"noreferrer noopener\" href=\"https:\/\/www.barbaradombrowski.com\/\" target=\"_blank\">www.barbaradombrowski.com<\/a><br><a rel=\"noreferrer noopener\" href=\"https:\/\/www.tropic-ice.com\/\" target=\"_blank\">www.tropic-ice.com<\/a><br><a href=\"https:\/\/www.marinesocialscience.uni-kiel.de\/de\">https:\/\/www.marinesocialscience.uni-kiel.de\/<\/a><\/p>\n\n\n\n<!--nextpage-->\n\n\n\n<h2 class=\"wp-block-heading\">Zur westlichen Ideengeschichte der Gerechtigkeit<\/h2>\n\n\n\n<h4 class=\"wp-block-heading\">Ein Beitrag zur westlichen Ideengeschichte der Gerechtigkeit von Konrad Ott<\/h4>\n\n\n<div class=\"wp-block-image\">\n<figure class=\"aligncenter size-large is-resized\"><img loading=\"lazy\" decoding=\"async\" width=\"581\" height=\"388\" src=\"https:\/\/enjust.net\/wp-content\/uploads\/2020\/06\/enjust-icon.png\" alt=\"\" class=\"wp-image-241\" style=\"width:145px;height:97px\" srcset=\"https:\/\/enjust.net\/wp-content\/uploads\/2020\/06\/enjust-icon.png 581w, https:\/\/enjust.net\/wp-content\/uploads\/2020\/06\/enjust-icon-300x200.png 300w\" sizes=\"auto, (max-width: 581px) 100vw, 581px\" \/><\/figure>\n<\/div>\n\n\n<p>Gerechtigkeit kann, \u00e4hnlich wie Freiheit, als eine Idee der praktischen Vernunft betrachtet werden. Forderungen nach Gerechtigkeit z\u00e4hlen zur moralischen Tradition der Menschheit und finden sich prominent in der j\u00fcdisch-christlich-griechisch-r\u00f6mischen Kultur. In der j\u00fcdischen Tradition bedeutet \u201e<em>zedekija\u201c<\/em> die Befolgung der g\u00f6ttlichen Rechtsgehei\u00dfe und ein Leben in Gottesfurcht. Im Psalter hei\u00dft es, dass Gerechtigkeit und Frieden einander umarmen und k\u00fcssen, was umgekehrt auf die wechselseitige Verflechtung von Gewalt und Ungerechtigkeit hinweist. In den Seligpreisungen Jesu werden die Menschen gepriesen, die nach Gerechtigkeit hungern und d\u00fcrsten. Das Verlangen nach Gerechtigkeit kann demzufolge so stark sein wie elementare leibliche Bed\u00fcrfnisse. In der \u201e<em>Politeia\u201c<\/em> entwirft Sokrates das Ideal eines gerechten Staates, in dem jeder das Seinige tut, und begr\u00fcndet dadurch die Tradition der Staatsutopien. Aristoteles unterscheidet in der \u201eNikomachischen Ethik\u201c zwischen der politischen, der verteilenden (\u201edistributiven\u201c) und der ausgleichenden (\u201ekommutativen\u201c) Gerechtigkeit. Die politische Gerechtigkeit f\u00fchrt in die Lehre von den Staatsformen, die distributive Gerechtigkeit fragt nach unterschiedlichen Anspr\u00fcchen des Zukommens, w\u00e4hrend die kommutative Gerechtigkeit in das Vertragsrecht und die Straftheorie f\u00fchrt. Gerechtigkeit kann als pers\u00f6nliche Tugend oder als politisches Prinzip verstanden werden.<\/p>\n\n\n\n<p>Im 19. Jahrhundert wird die soziale Frage zum Motor von Gerechtigkeitsforderungen. B\u00fcchners \u201eHessischer Landbote\u201c endet mit einem Aufruf zur Erhebung, um das Reich der Gerechtigkeit zu errichten. F\u00fcr Marx und Engels ist die Situation des Proletariats strukturell zutiefst ungerecht, da die Menschen, die allen \u00f6konomischen Wert produzieren, selbst ohne Eigentum bleiben. F\u00fcr Engels lebt das Proletariat in emp\u00f6renden Verh\u00e4ltnissen; f\u00fcr Marx wird an ihm ein Unrecht im welthistorischen Format begangen. Beim sp\u00e4ten Marx tritt die moralische Emp\u00f6rung dann hinter seinem Versuch zur\u00fcck, das bevorstehende Ende des Kapitalismus, der an seinen immanenten Widerspr\u00fcchen zugrunde gehen werde, nachzuweisen. Darauf aufbauend, wollte der politische Marxismus des 20. Jahrhunderts (z.B. Lenin, Mao, Guevara) eine gerechte \u00f6konomisch-soziale Ordnung jenseits von Klassenverh\u00e4ltnissen errichten.<\/p>\n\n\n\n<p>Forderungen nach Gerechtigkeit k\u00f6nnen aber auch als Ausdruck von Neidgef\u00fchlen oder als Ideologien erscheinen. Bekannt ist auch der Spruch <em>fiat justitia, pereat mundus<\/em> (\u201eEs geschehe Gerechtigkeit, gehe auch die Welt dar\u00fcber zugrunde\u201c), der so verstanden wird, dass bei Versuchen, die Gerechtigkeit auf Erden zu verwirklichen, gro\u00dfes Unheil angerichtet und schwere Verbrechen begangen wurden (von Robespierre bis Pol Pot). Erinnert wird dabei auch an Heinrich von Kleists Novelle \u201eMichael Kohlhaas\u201c, in der Kohlhaas aufgrund seines verletzten Gerechtigkeitsgef\u00fchls eine Fehde anzettelt, die vielen Menschen und am Ende ihm selbst das Leben kostet.<\/p>\n\n\n\n<p>Einen Meilenstein in der Gerechtigkeitstheorie ist John Rawls\u2018 \u201e<em>A Theory of Justice<\/em>\u201c von 1971. Rawls argumentiert, dass rationale, wenig risikobereite und aneinander desinteressierte Personen sich auf vier generelle Prinzipien \u2013 Freiheit, Chancengleichheit, sozialer Ausgleich bzw. Solidarit\u00e4t und, weniger prominent in der Theorie, intergenerationelle Fairness \u2013 einigen w\u00fcrden; vorausgesetzt ihnen blieben ihre eigenen Lebensumst\u00e4nde (bspw. Herkunft, Gesundheit, pers\u00f6nliche F\u00e4higkeiten) hinter einem Schleier der Unwissenheit verborgen. Eine kulturalistische Korrektur an Rawls findet sich bei Michael Walzer in den \u201e<em>Spheres of Justice<\/em>\u201c. In seinem kommunitaristischen Ansatz sind gerechte Verteilungsmuster immer gebunden an die kulturellen Bedeutungen der G\u00fcter, die es zu verteilen gilt (Bildung, Mitgliedschaft, Arbeit, Anerkennung usw.). Eine Alternative zu Rawls und Walzer ist der sog. Bef\u00e4higungsansatz (A. Sen, M. Nussbaum), der von den Handlungsoptionen ausgeht, zu denen alle Menschen bef\u00e4higt sein sollten. Ungerechtigkeit liegt immer dann vor, wenn Personen auch nur eine dieser (bei Nussbaum: zehn) Bef\u00e4higungen versagt bleibt.<\/p>\n\n\n\n<p>In der j\u00fcngsten Vergangenheit hat sich die Diskussionslandschaft stark diversifiziert: So haben kosmopolitische Konzeptionen von globaler Gerechtigkeit an Bedeutung gewonnen, und in der analytischen Ethik erfolgen Vertiefungen einzelner Konzepte wie etwa Prioritarianismus (\u201eEine Verteilung ist gerecht, wenn den am Schlechtesten gestellten die gr\u00f6\u00dfte Priorit\u00e4t zukommt.\u201c), Suffizientarismus (\u201eEine Verteilung ist gerecht ist, wenn alle genug, d.h. einen bestimmte Schwelle erreicht haben.\u201c) und Egalitarismus (\u201eEine Gleichverteilung ist gerecht\u201c). W\u00e4hrend der Egalitarismus Gleichheit einen intrinsischen Wert zuschreibt und sich auf die Frage \u201e<em>Equality of What?<\/em>\u201c konzentriert (Ressourcen, Zug\u00e4nge, Chancen, Wohlergehen oder Ergebnisse), bestreitet der sog. Anti-Egalitarismus (H. Frankfurt, A. Krebs) jeden intrinsischen Wert von Gleichheit und fragt: \u201e<em>Equality, Why<\/em>?\u201c. Ihm zufolge fordert die Idee der Gerechtigkeit nicht, Gleichheit um der Gleichheit willen anzustreben.<\/p>\n\n\n\n<p>In der angewandten Ethik werden unterschiedliche Konzepte von Gerechtigkeit auf diverse Praxisfelder bezogen (Medizinethik, Wirtschaftsethik, Migrationsethik). Mit Blick auf die Naturkrise erweitert sich die Umweltethik, die sich lange Zeit auf die Frage nach moralischen Selbstwerten von Naturwesen fokussiert hatte (sog. Inklusionsproblem), zu einer in der Regel anthropozentrischen Konzeption von Umweltgerechtigkeit. Diese umfasst eine inter- und eine intragenerationelle Dimension. Die intergenerationelle Umweltgerechtigkeit fragt danach, welche Naturausstattung, welche Klimabedingungen und welches Ausma\u00df an biotischer Vielfalt wir zuk\u00fcnftigen Generationen schuldig sind. Ma\u00dfgebend f\u00fcr die intragenerationellen Konzeptionen sind dagegen zum einen der Kampf gegen den \u00f6kologischen Rassismus z.B. in den USA und zum anderen die problematische Umweltsituation vieler marginalisierter Menschen v.a. im Globalen S\u00fcden. Gemeinsam ist diesen Ans\u00e4tzen, dass sie aus einer zumeist egalit\u00e4ren Perspektive die ungleichen Zugangsweisen zu nat\u00fcrlichen Ressourcen und Naturg\u00fctern und die ungleich verteilten Umweltbelastungen und Umweltrisiken, auch im Globalen Norden, thematisieren. Daran beteiligen sich unterschiedliche wissenschaftliche Disziplinen wie Geographie, Ethnologie, Politische \u00d6kologie, Agrarwissenschaft, Politikwissenschaft oder Umweltethik.<\/p>\n\n\n\n<p>Besonders deutlich wird die Verbindung von Umweltverbrauch und distributiver Gerechtigkeit in der Klimaethik, in der es um Zukunftsverantwortung, Verteilung des verbleibenden <em>carbon budget<\/em>, Anpassungshilfen, Kompensationsanspr\u00fcche und die Rechte von Personen geht, die aufgrund des Klimawandels ihre Wohnsitze verlassen (m\u00fcssen). Aber auch in vielen anderen Handlungsfeldern (Wasserversorgung, St\u00e4dtebau, Landwirtschaft, Naturschutz, Fischerei usw.) stellen sich Gerechtigkeitsfragen.<\/p>\n\n\n\n<p>In post-kolonialen Ans\u00e4tzen der Umweltgerechtigkeit wird anerkannt, dass empfundene und erfahrene Ungerechtigkeit sich h\u00e4ufig in lokal situierten Narrativen ausdr\u00fcckt und dass die Stimmen der direkt Betroffenen Geh\u00f6r finden m\u00fcssen. Dies betrifft vornehmlich indigene und andere marginalisierte Gruppen in den L\u00e4ndern des Globalen S\u00fcdens. In diesen Narrativen und Argumenten werden h\u00e4ufig die politischen und \u00f6konomischen Verh\u00e4ltnisse der Nord-S\u00fcd-Beziehungen verantwortlich gemacht, ohne jedoch den Blick f\u00fcr die Eliten im Globalen S\u00fcden und die unterprivilegierten Gruppen im Norden zu verlieren. Bei diesen Debatten gibt es weniger Kontroversen hinsichtlich der grundlegenden Gerechtigkeitsprinzipien als vielmehr hinsichtlich der politik-\u00f6konomischen Kausalit\u00e4ten. F\u00fcr EnJust gilt, dass alle Konzepte und Forderungen der Umweltgerechtigkeit allgemeine Gerechtigkeitsprinzipien voraussetzen, die ihrerseits Spezifikationen von Gerechtigkeitsideen sind, deren westliche Varianten wir hier dargestellt haben. Fallstudien und Narrative sind mit einem begr\u00fcndungstheoretischen Band an allgemeine Gerechtigkeitstheorien und ihre Ideengeschichten zur\u00fcckgebunden. EnJust stellt sich daher die Aufgabe, vor dem Hintergrund der Geschichte verschiedener Gerechtigkeitsideen allgemeine Prinzipien der Gerechtigkeit auf die besonderen Konzepte der Umweltgerechtigkeit und auf die Vielzahl individueller F\u00e4lle zu beziehen. Durch diese Bezugnahmen werden die allgemeinen Ideen konkret und die individuellen F\u00e4lle generell. Diese komplexe Beziehung zwischen Ideengeschichte, allgemeinen Prinzipien, besonderen Konzepten und individuellen F\u00e4llen verlangt eine trans- und interdisziplin\u00e4re, kritische und reflexive Herangehensweise.<\/p>\n\n\n\n<!--nextpage-->\n\n\n\n<p class=\"has-medium-font-size\"><\/p>\n\n\n\n<p class=\"has-large-font-size\"><strong>Climate aid with side effects <\/strong><\/p>\n\n\n\n<p>Claudia Horn<\/p>\n\n\n\n<p class=\"has-medium-font-size\"><strong>Cooperation and conflict in the name of Amazon protection. Global climate finance in Brazil: Between climate protection and greenwashing<\/strong><\/p>\n\n\n\n<p class=\"has-medium-font-size\">Climate finance is considered a key instrument for a just ecological transformation. But what if the billions in aid for the Global South create new inequalities and perpetuate colonial exploitation of nature under the guise of a green economy?<br>Using Brazil as an example, Claudia Horn shows how international government funding for Amazon conservation \u2013 from sources such as Germany, Norway, and the UK \u2013 supports important environmental measures. At the same time, however, it contributes to normalizing the socio-ecological risks of commodity trade and agriculture and to promoting traditional&nbsp;To question usage rights. Controversial projects that prioritize the financial value of nature influence local territorial conflicts \u2013 with far-reaching social consequences.<br>An insightful look at the political and economic mechanisms and contradictions of climate finance and the key question of under what conditions it can truly lead to greater climate justice.<\/p>\n\n\n\n<p class=\"has-medium-font-size\"><a href=\"https:\/\/www.oekom.de\/buch\/klimahilfe-mit-nebenwirkungen-9783987261848\">Link to the book <\/a><\/p>\n\n\n\n<p class=\"has-medium-font-size\"><\/p>\n\n\n\n<div data-wp-interactive=\"core\/file\" class=\"wp-block-file\"><object data-wp-bind--hidden=\"!state.hasPdfPreview\" hidden class=\"wp-block-file__embed\" data=\"https:\/\/enjust.net\/wp-content\/uploads\/2025\/10\/pressemappe.pdf\" type=\"application\/pdf\" style=\"width:100%;height:600px\" aria-label=\"Incrustado de pressemappe.\"><\/object><a id=\"wp-block-file--media-dc59c550-c00c-45b8-b856-2b2d4eb83702\" href=\"https:\/\/enjust.net\/wp-content\/uploads\/2025\/10\/pressemappe.pdf\">pressemappe<\/a><a href=\"https:\/\/enjust.net\/wp-content\/uploads\/2025\/10\/pressemappe.pdf\" class=\"wp-block-file__button wp-element-button\" download aria-describedby=\"wp-block-file--media-dc59c550-c00c-45b8-b856-2b2d4eb83702\">Download<\/a><\/div>\n","protected":false},"excerpt":{"rendered":"<p>Here you find a collection of various contents related to environmental justice International workshop \u201cNarratives and Practices of Environmental Justice\u201d Kiel 06.-08. June 2019 Mehr als 60 Wissenschaftler*innen aus 14 L\u00e4ndern trafen sich vom 6. bis zum 8. Juni an der Kieler Universit\u00e4t zum Workshop \u201eNarratives and Practices of Environmental Justice\u201c, um sich zu Themen und Fragen der Umweltgerechtigkeit miteinander auszutauschen. Ein kleiner und wohlhabender Teil der Weltbev\u00f6lkerung beansprucht einen immer gr\u00f6\u00dferen Anteil der Ressourcen auf der Erde und verschmutzt und zerst\u00f6rt gleichzeitig wertvolle Lebensr\u00e4ume an Land und in den Weltmeeren. Betroffen sind oft diejenigen Gruppen, die am wenigsten f\u00fcr&#8230; <\/p>\n","protected":false},"author":2,"featured_media":0,"parent":0,"menu_order":0,"comment_status":"closed","ping_status":"closed","template":"blog-post-right-sidebar.php","meta":{"footnotes":""},"class_list":["post-226","page","type-page","status-publish","hentry"],"translation":{"provider":"WPGlobus","version":"3.0.2","language":"es","enabled_languages":["en","de","es"],"languages":{"en":{"title":true,"content":true,"excerpt":false},"de":{"title":true,"content":true,"excerpt":false},"es":{"title":false,"content":false,"excerpt":false}}},"yoast_head":"<!-- This site is optimized with the Yoast SEO plugin v27.5 - https:\/\/yoast.com\/product\/yoast-seo-wordpress\/ -->\n<title>-<\/title>\n<meta name=\"robots\" content=\"index, follow, max-snippet:-1, max-image-preview:large, max-video-preview:-1\" \/>\n<link rel=\"canonical\" href=\"https:\/\/enjust.net\/ressourcen\/\" \/>\n<link rel=\"next\" href=\"https:\/\/enjust.net\/ressourcen\/2\/\" \/>\n<meta property=\"og:locale\" content=\"es_ES\" \/>\n<meta property=\"og:type\" content=\"article\" \/>\n<meta property=\"og:title\" content=\"-\" \/>\n<meta property=\"og:url\" content=\"https:\/\/enjust.net\/ressourcen\/\" \/>\n<meta property=\"article:modified_time\" content=\"2025-10-01T14:00:10+00:00\" \/>\n<meta property=\"og:image\" content=\"https:\/\/enjust.net\/wp-content\/uploads\/2020\/06\/MG_0297-2-1024x683-2.jpg\" \/>\n\t<meta property=\"og:image:width\" content=\"1024\" \/>\n\t<meta property=\"og:image:height\" content=\"683\" \/>\n\t<meta property=\"og:image:type\" content=\"image\/jpeg\" \/>\n<meta name=\"twitter:card\" content=\"summary_large_image\" \/>\n<meta name=\"twitter:label1\" content=\"Tiempo de lectura\" \/>\n\t<meta name=\"twitter:data1\" content=\"27 minutos\" \/>\n<script type=\"application\/ld+json\" class=\"yoast-schema-graph\">{\"@context\":\"https:\\\/\\\/schema.org\",\"@graph\":[{\"@type\":\"WebPage\",\"@id\":\"https:\\\/\\\/enjust.net\\\/ressourcen\\\/\",\"url\":\"https:\\\/\\\/enjust.net\\\/ressourcen\\\/\",\"name\":\"-\",\"isPartOf\":{\"@id\":\"https:\\\/\\\/enjust.net\\\/de\\\/#website\"},\"primaryImageOfPage\":{\"@id\":\"https:\\\/\\\/enjust.net\\\/ressourcen\\\/#primaryimage\"},\"image\":{\"@id\":\"https:\\\/\\\/enjust.net\\\/ressourcen\\\/#primaryimage\"},\"thumbnailUrl\":\"https:\\\/\\\/enjust.net\\\/wp-content\\\/uploads\\\/2020\\\/06\\\/MG_0297-2-1024x683-2.jpg\",\"datePublished\":\"2020-06-05T14:36:50+00:00\",\"dateModified\":\"2025-10-01T14:00:10+00:00\",\"inLanguage\":\"es\",\"potentialAction\":[{\"@type\":\"ReadAction\",\"target\":[\"https:\\\/\\\/enjust.net\\\/ressourcen\\\/\"]}]},{\"@type\":\"ImageObject\",\"inLanguage\":\"es\",\"@id\":\"https:\\\/\\\/enjust.net\\\/ressourcen\\\/#primaryimage\",\"url\":\"https:\\\/\\\/enjust.net\\\/wp-content\\\/uploads\\\/2020\\\/06\\\/MG_0297-2-1024x683-2.jpg\",\"contentUrl\":\"https:\\\/\\\/enjust.net\\\/wp-content\\\/uploads\\\/2020\\\/06\\\/MG_0297-2-1024x683-2.jpg\"},{\"@type\":\"WebSite\",\"@id\":\"https:\\\/\\\/enjust.net\\\/de\\\/#website\",\"url\":\"https:\\\/\\\/enjust.net\\\/de\\\/\",\"name\":\"\",\"description\":\"\",\"potentialAction\":[{\"@type\":\"SearchAction\",\"target\":{\"@type\":\"EntryPoint\",\"urlTemplate\":\"https:\\\/\\\/enjust.net\\\/de\\\/?s={search_term_string}\"},\"query-input\":{\"@type\":\"PropertyValueSpecification\",\"valueRequired\":true,\"valueName\":\"search_term_string\"}}],\"inLanguage\":\"es\"}]}<\/script>\n<!-- \/ Yoast SEO plugin. -->","yoast_head_json":{"title":"-","robots":{"index":"index","follow":"follow","max-snippet":"max-snippet:-1","max-image-preview":"max-image-preview:large","max-video-preview":"max-video-preview:-1"},"canonical":"https:\/\/enjust.net\/ressourcen\/","next":"https:\/\/enjust.net\/ressourcen\/2\/","og_locale":"es_ES","og_type":"article","og_title":"-","og_url":"https:\/\/enjust.net\/ressourcen\/","article_modified_time":"2025-10-01T14:00:10+00:00","og_image":[{"width":1024,"height":683,"url":"https:\/\/enjust.net\/wp-content\/uploads\/2020\/06\/MG_0297-2-1024x683-2.jpg","type":"image\/jpeg"}],"twitter_card":"summary_large_image","twitter_misc":{"Tiempo de lectura":"27 minutos"},"schema":{"@context":"https:\/\/schema.org","@graph":[{"@type":"WebPage","@id":"https:\/\/enjust.net\/ressourcen\/","url":"https:\/\/enjust.net\/ressourcen\/","name":"-","isPartOf":{"@id":"https:\/\/enjust.net\/de\/#website"},"primaryImageOfPage":{"@id":"https:\/\/enjust.net\/ressourcen\/#primaryimage"},"image":{"@id":"https:\/\/enjust.net\/ressourcen\/#primaryimage"},"thumbnailUrl":"https:\/\/enjust.net\/wp-content\/uploads\/2020\/06\/MG_0297-2-1024x683-2.jpg","datePublished":"2020-06-05T14:36:50+00:00","dateModified":"2025-10-01T14:00:10+00:00","inLanguage":"es","potentialAction":[{"@type":"ReadAction","target":["https:\/\/enjust.net\/ressourcen\/"]}]},{"@type":"ImageObject","inLanguage":"es","@id":"https:\/\/enjust.net\/ressourcen\/#primaryimage","url":"https:\/\/enjust.net\/wp-content\/uploads\/2020\/06\/MG_0297-2-1024x683-2.jpg","contentUrl":"https:\/\/enjust.net\/wp-content\/uploads\/2020\/06\/MG_0297-2-1024x683-2.jpg"},{"@type":"WebSite","@id":"https:\/\/enjust.net\/de\/#website","url":"https:\/\/enjust.net\/de\/","name":"","description":"","potentialAction":[{"@type":"SearchAction","target":{"@type":"EntryPoint","urlTemplate":"https:\/\/enjust.net\/de\/?s={search_term_string}"},"query-input":{"@type":"PropertyValueSpecification","valueRequired":true,"valueName":"search_term_string"}}],"inLanguage":"es"}]}},"_links":{"self":[{"href":"https:\/\/enjust.net\/es\/wp-json\/wp\/v2\/pages\/226","targetHints":{"allow":["GET"]}}],"collection":[{"href":"https:\/\/enjust.net\/es\/wp-json\/wp\/v2\/pages"}],"about":[{"href":"https:\/\/enjust.net\/es\/wp-json\/wp\/v2\/types\/page"}],"author":[{"embeddable":true,"href":"https:\/\/enjust.net\/es\/wp-json\/wp\/v2\/users\/2"}],"replies":[{"embeddable":true,"href":"https:\/\/enjust.net\/es\/wp-json\/wp\/v2\/comments?post=226"}],"version-history":[{"count":15,"href":"https:\/\/enjust.net\/es\/wp-json\/wp\/v2\/pages\/226\/revisions"}],"predecessor-version":[{"id":3358,"href":"https:\/\/enjust.net\/es\/wp-json\/wp\/v2\/pages\/226\/revisions\/3358"}],"wp:attachment":[{"href":"https:\/\/enjust.net\/es\/wp-json\/wp\/v2\/media?parent=226"}],"curies":[{"name":"wp","href":"https:\/\/api.w.org\/{rel}","templated":true}]}}